{"id":4985,"date":"2025-08-24T18:00:19","date_gmt":"2025-08-24T16:00:19","guid":{"rendered":"https:\/\/zandvoortsmuseum.nl\/geschichten\/"},"modified":"2026-03-07T14:01:36","modified_gmt":"2026-03-07T12:01:36","slug":"geschichten","status":"publish","type":"page","link":"https:\/\/zandvoortsmuseum.nl\/de\/geschichten\/","title":{"rendered":"Geschichten"},"content":{"rendered":"\t\t<div data-elementor-type=\"wp-page\" data-elementor-id=\"4985\" class=\"elementor elementor-4985 elementor-903\" data-elementor-post-type=\"page\">\n\t\t\t\t<div class=\"elementor-element elementor-element-d7cf244 e-con-full e-flex e-con e-parent\" data-id=\"d7cf244\" data-element_type=\"container\" data-e-type=\"container\" data-settings=\"{&quot;background_background&quot;:&quot;classic&quot;}\">\n\t\t<div class=\"elementor-element elementor-element-011dba5 e-flex e-con-boxed e-con e-child\" data-id=\"011dba5\" data-element_type=\"container\" data-e-type=\"container\">\n\t\t\t\t\t<div class=\"e-con-inner\">\n\t\t<div class=\"elementor-element elementor-element-4a8a7b3 e-con-full e-flex e-con e-child\" data-id=\"4a8a7b3\" data-element_type=\"container\" data-e-type=\"container\">\n\t\t\t\t<div class=\"elementor-element elementor-element-3e5342e kop-diap elementor-widget elementor-widget-heading\" data-id=\"3e5342e\" data-element_type=\"widget\" data-e-type=\"widget\" data-widget_type=\"heading.default\">\n\t\t\t\t\t<h2 class=\"elementor-heading-title elementor-size-default\">Geschichten &amp; Sammlung<\/h2>\t\t\t\t<\/div>\n\t\t\t\t<div class=\"elementor-element elementor-element-8efcaff tekst-diap elementor-widget elementor-widget-text-editor\" data-id=\"8efcaff\" data-element_type=\"widget\" data-e-type=\"widget\" data-widget_type=\"text-editor.default\">\n\t\t\t\t\t\t\t\t\t<p class=\"p1\">Das Zandvoorts Museum verf\u00fcgt \u00fcber eine gro\u00dfe Sammlung von Geschichten und Objekten. Lesen Sie unsere Geschichten und sehen Sie sich unsere Sammlungen an. Schreiben Sie mit an der Geschichte von Zandvoort. Die Geschichte von Zandvoort lebt in Geschichten, Fotos und Erinnerungen. Haben Sie einen besonderen Moment, der bewahrt werden sollte?    <\/p>\t\t\t\t\t\t\t\t<\/div>\n\t\t\t\t<\/div>\n\t\t<div class=\"elementor-element elementor-element-836eb06 e-con-full e-flex e-con e-child\" data-id=\"836eb06\" data-element_type=\"container\" data-e-type=\"container\" data-settings=\"{&quot;background_background&quot;:&quot;classic&quot;}\">\n\t\t\t\t<div class=\"elementor-element elementor-element-510cb8b elementor-widget elementor-widget-spacer\" data-id=\"510cb8b\" data-element_type=\"widget\" data-e-type=\"widget\" data-widget_type=\"spacer.default\">\n\t\t\t\t\t\t\t<div class=\"elementor-spacer\">\n\t\t\t<div class=\"elementor-spacer-inner\"><\/div>\n\t\t<\/div>\n\t\t\t\t\t\t<\/div>\n\t\t\t\t<\/div>\n\t\t\t\t\t<\/div>\n\t\t\t\t<\/div>\n\t\t\t\t<\/div>\n\t\t<div class=\"elementor-element elementor-element-1bb11ece e-flex e-con-boxed e-con e-parent\" data-id=\"1bb11ece\" data-element_type=\"container\" data-e-type=\"container\">\n\t\t\t\t\t<div class=\"e-con-inner\">\n\t\t\t\t<div class=\"elementor-element elementor-element-35f41dc6 kop-diap elementor-widget elementor-widget-heading\" data-id=\"35f41dc6\" data-element_type=\"widget\" data-e-type=\"widget\" data-widget_type=\"heading.default\">\n\t\t\t\t\t<h1 class=\"elementor-heading-title elementor-size-default\">Unsere Geschichten<\/h1>\t\t\t\t<\/div>\n\t\t\t\t\t<\/div>\n\t\t\t\t<\/div>\n\t\t<div class=\"elementor-element elementor-element-0281452 e-flex e-con-boxed e-con e-parent\" data-id=\"0281452\" data-element_type=\"container\" data-e-type=\"container\">\n\t\t\t\t\t<div class=\"e-con-inner\">\n\t\t\t\t<div class=\"elementor-element elementor-element-75646fb elementor-grid-4 elementor-grid-tablet-2 elementor-grid-mobile-1 elementor-widget elementor-widget-loop-grid\" data-id=\"75646fb\" data-element_type=\"widget\" data-e-type=\"widget\" data-settings=\"{&quot;template_id&quot;:402,&quot;row_gap&quot;:{&quot;unit&quot;:&quot;px&quot;,&quot;size&quot;:80,&quot;sizes&quot;:[]},&quot;columns&quot;:4,&quot;_skin&quot;:&quot;post&quot;,&quot;columns_tablet&quot;:&quot;2&quot;,&quot;columns_mobile&quot;:&quot;1&quot;,&quot;edit_handle_selector&quot;:&quot;[data-elementor-type=\\&quot;loop-item\\&quot;]&quot;,&quot;row_gap_tablet&quot;:{&quot;unit&quot;:&quot;px&quot;,&quot;size&quot;:&quot;&quot;,&quot;sizes&quot;:[]},&quot;row_gap_mobile&quot;:{&quot;unit&quot;:&quot;px&quot;,&quot;size&quot;:&quot;&quot;,&quot;sizes&quot;:[]}}\" data-widget_type=\"loop-grid.post\">\n\t\t\t\t<div class=\"elementor-widget-container\">\n\t\t\t\t\t\t\t<div class=\"elementor-loop-container elementor-grid\" role=\"list\">\n\t\t<style id=\"loop-402\">.elementor-402 .elementor-element.elementor-element-de77a9a{--display:flex;--flex-direction:column;--container-widget-width:100%;--container-widget-height:initial;--container-widget-flex-grow:0;--container-widget-align-self:initial;--flex-wrap-mobile:wrap;--justify-content:flex-start;--gap:0px 0px;--row-gap:0px;--column-gap:0px;--background-transition:0.3s;border-style:none;--border-style:none;--padding-top:0%;--padding-bottom:0%;--padding-left:0%;--padding-right:0%;}.elementor-402 .elementor-element.elementor-element-de77a9a:not(.elementor-motion-effects-element-type-background), .elementor-402 .elementor-element.elementor-element-de77a9a > .elementor-motion-effects-container > .elementor-motion-effects-layer{background-color:#FFFFFF;}.elementor-402 .elementor-element.elementor-element-de77a9a:hover{background-color:#FFFFFF;}.elementor-widget-image .widget-image-caption{color:var( --e-global-color-text );font-family:var( --e-global-typography-text-font-family ), Sans-serif;font-size:var( --e-global-typography-text-font-size );font-weight:var( --e-global-typography-text-font-weight );line-height:var( --e-global-typography-text-line-height );}.elementor-402 .elementor-element.elementor-element-5e8bb76 img{height:450px;object-fit:cover;object-position:top center;}.elementor-402 .elementor-element.elementor-element-34599a8{--display:flex;}.elementor-402 .elementor-element.elementor-element-0c5e12d{--display:flex;--min-height:20vh;--padding-top:15px;--padding-bottom:15px;--padding-left:15px;--padding-right:15px;}.elementor-402 .elementor-element.elementor-element-0c5e12d:not(.elementor-motion-effects-element-type-background), .elementor-402 .elementor-element.elementor-element-0c5e12d > .elementor-motion-effects-container > .elementor-motion-effects-layer{background-color:#FFFFFF;}.elementor-widget-theme-post-title .elementor-heading-title{font-family:var( --e-global-typography-primary-font-family ), Sans-serif;font-weight:var( --e-global-typography-primary-font-weight );text-transform:var( --e-global-typography-primary-text-transform );letter-spacing:var( --e-global-typography-primary-letter-spacing );color:var( --e-global-color-primary );}.elementor-402 .elementor-element.elementor-element-9ece91c .elementor-heading-title{font-family:\"Inter\", Sans-serif;font-size:24px;font-weight:900;text-transform:uppercase;line-height:32px;letter-spacing:0.2px;color:#000000;}.elementor-widget-text-editor{font-family:var( --e-global-typography-text-font-family ), Sans-serif;font-size:var( --e-global-typography-text-font-size );font-weight:var( --e-global-typography-text-font-weight );line-height:var( --e-global-typography-text-line-height );color:var( --e-global-color-text );}.elementor-widget-text-editor.elementor-drop-cap-view-stacked .elementor-drop-cap{background-color:var( --e-global-color-primary );}.elementor-widget-text-editor.elementor-drop-cap-view-framed .elementor-drop-cap, .elementor-widget-text-editor.elementor-drop-cap-view-default .elementor-drop-cap{color:var( --e-global-color-primary );border-color:var( --e-global-color-primary );}.elementor-402 .elementor-element.elementor-element-a6e8b5a{font-family:\"Inter\", Sans-serif;font-size:18px;font-weight:300;line-height:28px;color:var( --e-global-color-af5b147 );}.elementor-402 .elementor-element.elementor-element-a6e8b5a a{color:var( --e-global-color-af5b147 );}.elementor-402 .elementor-element.elementor-element-0855f47{--display:flex;--flex-direction:row;--container-widget-width:initial;--container-widget-height:100%;--container-widget-flex-grow:1;--container-widget-align-self:stretch;--flex-wrap-mobile:wrap;}.elementor-widget-post-info .elementor-icon-list-item:not(:last-child):after{border-color:var( --e-global-color-text );}.elementor-widget-post-info .elementor-icon-list-icon i{color:var( --e-global-color-primary );}.elementor-widget-post-info .elementor-icon-list-icon svg{fill:var( --e-global-color-primary );}.elementor-widget-post-info .elementor-icon-list-text, .elementor-widget-post-info .elementor-icon-list-text a{color:var( --e-global-color-secondary );}.elementor-widget-post-info .elementor-icon-list-item{font-family:var( --e-global-typography-text-font-family ), Sans-serif;font-size:var( --e-global-typography-text-font-size );font-weight:var( --e-global-typography-text-font-weight );line-height:var( --e-global-typography-text-line-height );}.elementor-402 .elementor-element.elementor-element-eda527b .elementor-icon-list-icon{width:14px;}.elementor-402 .elementor-element.elementor-element-eda527b .elementor-icon-list-icon i{font-size:14px;}.elementor-402 .elementor-element.elementor-element-eda527b .elementor-icon-list-icon svg{--e-icon-list-icon-size:14px;}.elementor-402 .elementor-element.elementor-element-eda527b .elementor-icon-list-text, .elementor-402 .elementor-element.elementor-element-eda527b .elementor-icon-list-text a{color:#000000;}.elementor-402 .elementor-element.elementor-element-eda527b .elementor-icon-list-item{font-family:\"Inter\", Sans-serif;font-size:18px;font-weight:400;line-height:20px;}.elementor-402 .elementor-element.elementor-element-eda527b{padding:5px 10px 5px 10px;border-style:solid;border-width:1px 1px 1px 1px;border-color:#000000;}.elementor-402 .elementor-element.elementor-element-d66b64a .elementor-icon-list-icon{width:14px;}.elementor-402 .elementor-element.elementor-element-d66b64a .elementor-icon-list-icon i{font-size:14px;}.elementor-402 .elementor-element.elementor-element-d66b64a .elementor-icon-list-icon svg{--e-icon-list-icon-size:14px;}.elementor-402 .elementor-element.elementor-element-d66b64a .elementor-icon-list-text, .elementor-402 .elementor-element.elementor-element-d66b64a .elementor-icon-list-text a{color:#000000;}.elementor-402 .elementor-element.elementor-element-d66b64a .elementor-icon-list-item{font-family:\"Inter\", Sans-serif;font-size:18px;font-weight:400;line-height:20px;}.elementor-402 .elementor-element.elementor-element-d66b64a{padding:5px 10px 5px 10px;border-style:solid;border-width:1px 1px 1px 1px;border-color:#000000;}@media(max-width:1024px){.elementor-widget-image .widget-image-caption{font-size:var( --e-global-typography-text-font-size );line-height:var( --e-global-typography-text-line-height );}.elementor-widget-theme-post-title .elementor-heading-title{letter-spacing:var( --e-global-typography-primary-letter-spacing );}.elementor-widget-text-editor{font-size:var( --e-global-typography-text-font-size );line-height:var( --e-global-typography-text-line-height );}.elementor-widget-post-info .elementor-icon-list-item{font-size:var( --e-global-typography-text-font-size );line-height:var( --e-global-typography-text-line-height );}}@media(max-width:767px){.elementor-widget-image .widget-image-caption{font-size:var( --e-global-typography-text-font-size );line-height:var( --e-global-typography-text-line-height );}.elementor-widget-theme-post-title .elementor-heading-title{letter-spacing:var( --e-global-typography-primary-letter-spacing );}.elementor-widget-text-editor{font-size:var( --e-global-typography-text-font-size );line-height:var( --e-global-typography-text-line-height );}.elementor-widget-post-info .elementor-icon-list-item{font-size:var( --e-global-typography-text-font-size );line-height:var( --e-global-typography-text-line-height );}}\/* Start custom CSS for theme-post-title, class: .elementor-element-9ece91c *\/.bericht-kop {\n    min-height: 75px;\n}\/* End custom CSS *\/\n\/* Start custom CSS for post-info, class: .elementor-element-eda527b *\/.lezing {\n    \n}\/* End custom CSS *\/\n\/* Start custom CSS for post-info, class: .elementor-element-d66b64a *\/.label {\n    \n}\/* End custom CSS *\/<\/style>\t\t<div data-elementor-type=\"loop-item\" data-elementor-id=\"402\" class=\"elementor elementor-402 e-loop-item e-loop-item-5848 post-5848 verhalen type-verhalen status-publish has-post-thumbnail hentry\" data-elementor-post-type=\"elementor_library\" data-custom-edit-handle=\"1\">\n\t\t\t<a class=\"elementor-element elementor-element-de77a9a e-flex e-con-boxed e-con e-parent\" data-id=\"de77a9a\" data-element_type=\"container\" data-e-type=\"container\" data-settings=\"{&quot;background_background&quot;:&quot;classic&quot;}\" href=\"https:\/\/zandvoortsmuseum.nl\/de\/verhalen\/halifax-na-347-crash-1945\/\">\n\t\t\t\t\t<div class=\"e-con-inner\">\n\t\t\t\t<div class=\"elementor-element elementor-element-5e8bb76 elementor-widget elementor-widget-image\" data-id=\"5e8bb76\" data-element_type=\"widget\" data-e-type=\"widget\" data-widget_type=\"image.default\">\n\t\t\t\t\t\t\t\t\t\t\t\t\t\t\t<img fetchpriority=\"high\" decoding=\"async\" width=\"800\" height=\"363\" src=\"https:\/\/zandvoortsmuseum.nl\/wp-content\/uploads\/2026\/04\/Halifax-NA-347-monument-1024x465.jpg\" class=\"attachment-large size-large wp-image-5851\" alt=\"Halifax NA 347 Monument\" srcset=\"https:\/\/zandvoortsmuseum.nl\/wp-content\/uploads\/2026\/04\/Halifax-NA-347-monument-1024x465.jpg 1024w, https:\/\/zandvoortsmuseum.nl\/wp-content\/uploads\/2026\/04\/Halifax-NA-347-monument-300x136.jpg 300w, https:\/\/zandvoortsmuseum.nl\/wp-content\/uploads\/2026\/04\/Halifax-NA-347-monument-768x349.jpg 768w, https:\/\/zandvoortsmuseum.nl\/wp-content\/uploads\/2026\/04\/Halifax-NA-347-monument-1536x698.jpg 1536w, https:\/\/zandvoortsmuseum.nl\/wp-content\/uploads\/2026\/04\/Halifax-NA-347-monument.jpg 1920w\" sizes=\"(max-width: 800px) 100vw, 800px\" \/>\t\t\t\t\t\t\t\t\t\t\t\t\t\t\t<\/div>\n\t\t<div class=\"elementor-element elementor-element-34599a8 e-con-full e-flex e-con e-child\" data-id=\"34599a8\" data-element_type=\"container\" data-e-type=\"container\">\n\t\t<div class=\"elementor-element elementor-element-0c5e12d e-con-full e-flex e-con e-child\" data-id=\"0c5e12d\" data-element_type=\"container\" data-e-type=\"container\" data-settings=\"{&quot;background_background&quot;:&quot;classic&quot;}\">\n\t\t\t\t<div class=\"elementor-element elementor-element-9ece91c bericht-kop2 elementor-widget elementor-widget-theme-post-title elementor-page-title elementor-widget-heading\" data-id=\"9ece91c\" data-element_type=\"widget\" data-e-type=\"widget\" data-widget_type=\"theme-post-title.default\">\n\t\t\t\t\t<h1 class=\"elementor-heading-title elementor-size-default\">Halifax NA 347  crash (1945)<\/h1>\t\t\t\t<\/div>\n\t\t<div class=\"elementor-element elementor-element-0855f47 e-con-full filtres-bericht elementor-hidden-desktop elementor-hidden-tablet elementor-hidden-mobile e-flex e-con e-child\" data-id=\"0855f47\" data-element_type=\"container\" data-e-type=\"container\">\n\t\t\t\t<\/div>\n\t\t\t\t<\/div>\n\t\t\t\t<\/div>\n\t\t\t\t\t<\/div>\n\t\t\t\t<\/a>\n\t\t\t\t<\/div>\n\t\t\t\t<div data-elementor-type=\"loop-item\" data-elementor-id=\"402\" class=\"elementor elementor-402 e-loop-item e-loop-item-5344 post-5344 verhalen type-verhalen status-publish has-post-thumbnail hentry\" data-elementor-post-type=\"elementor_library\" data-custom-edit-handle=\"1\">\n\t\t\t<a class=\"elementor-element elementor-element-de77a9a e-flex e-con-boxed e-con e-parent\" data-id=\"de77a9a\" data-element_type=\"container\" data-e-type=\"container\" data-settings=\"{&quot;background_background&quot;:&quot;classic&quot;}\" href=\"https:\/\/zandvoortsmuseum.nl\/de\/verhalen\/fritz-mock-1867-1919\/\">\n\t\t\t\t\t<div class=\"e-con-inner\">\n\t\t\t\t<div class=\"elementor-element elementor-element-5e8bb76 elementor-widget elementor-widget-image\" data-id=\"5e8bb76\" data-element_type=\"widget\" data-e-type=\"widget\" data-widget_type=\"image.default\">\n\t\t\t\t\t\t\t\t\t\t\t\t\t\t\t<img decoding=\"async\" width=\"800\" height=\"180\" src=\"https:\/\/zandvoortsmuseum.nl\/wp-content\/uploads\/2026\/02\/Fritz-Mock-ExLibris-banner-1024x230.jpg\" class=\"attachment-large size-large wp-image-5357\" alt=\"Fritz Mock ExLibris Banner\" srcset=\"https:\/\/zandvoortsmuseum.nl\/wp-content\/uploads\/2026\/02\/Fritz-Mock-ExLibris-banner-1024x230.jpg 1024w, https:\/\/zandvoortsmuseum.nl\/wp-content\/uploads\/2026\/02\/Fritz-Mock-ExLibris-banner-300x67.jpg 300w, https:\/\/zandvoortsmuseum.nl\/wp-content\/uploads\/2026\/02\/Fritz-Mock-ExLibris-banner-768x172.jpg 768w, https:\/\/zandvoortsmuseum.nl\/wp-content\/uploads\/2026\/02\/Fritz-Mock-ExLibris-banner-1536x345.jpg 1536w, https:\/\/zandvoortsmuseum.nl\/wp-content\/uploads\/2026\/02\/Fritz-Mock-ExLibris-banner.jpg 1920w\" sizes=\"(max-width: 800px) 100vw, 800px\" \/>\t\t\t\t\t\t\t\t\t\t\t\t\t\t\t<\/div>\n\t\t<div class=\"elementor-element elementor-element-34599a8 e-con-full e-flex e-con e-child\" data-id=\"34599a8\" data-element_type=\"container\" data-e-type=\"container\">\n\t\t<div class=\"elementor-element elementor-element-0c5e12d e-con-full e-flex e-con e-child\" data-id=\"0c5e12d\" data-element_type=\"container\" data-e-type=\"container\" data-settings=\"{&quot;background_background&quot;:&quot;classic&quot;}\">\n\t\t\t\t<div class=\"elementor-element elementor-element-9ece91c bericht-kop2 elementor-widget elementor-widget-theme-post-title elementor-page-title elementor-widget-heading\" data-id=\"9ece91c\" data-element_type=\"widget\" data-e-type=\"widget\" data-widget_type=\"theme-post-title.default\">\n\t\t\t\t\t<h1 class=\"elementor-heading-title elementor-size-default\">Fritz Mock (1867- 1919)<\/h1>\t\t\t\t<\/div>\n\t\t<div class=\"elementor-element elementor-element-0855f47 e-con-full filtres-bericht elementor-hidden-desktop elementor-hidden-tablet elementor-hidden-mobile e-flex e-con e-child\" data-id=\"0855f47\" data-element_type=\"container\" data-e-type=\"container\">\n\t\t\t\t<\/div>\n\t\t\t\t<\/div>\n\t\t\t\t<\/div>\n\t\t\t\t\t<\/div>\n\t\t\t\t<\/a>\n\t\t\t\t<\/div>\n\t\t\t\t<div data-elementor-type=\"loop-item\" data-elementor-id=\"402\" class=\"elementor elementor-402 e-loop-item e-loop-item-5270 post-5270 verhalen type-verhalen status-publish has-post-thumbnail hentry\" data-elementor-post-type=\"elementor_library\" data-custom-edit-handle=\"1\">\n\t\t\t<a class=\"elementor-element elementor-element-de77a9a e-flex e-con-boxed e-con e-parent\" data-id=\"de77a9a\" data-element_type=\"container\" data-e-type=\"container\" data-settings=\"{&quot;background_background&quot;:&quot;classic&quot;}\" href=\"https:\/\/zandvoortsmuseum.nl\/de\/verhalen\/jan-visser\/\">\n\t\t\t\t\t<div class=\"e-con-inner\">\n\t\t\t\t<div class=\"elementor-element elementor-element-5e8bb76 elementor-widget elementor-widget-image\" data-id=\"5e8bb76\" data-element_type=\"widget\" data-e-type=\"widget\" data-widget_type=\"image.default\">\n\t\t\t\t\t\t\t\t\t\t\t\t\t\t\t<img decoding=\"async\" width=\"670\" height=\"817\" src=\"https:\/\/zandvoortsmuseum.nl\/wp-content\/uploads\/2026\/02\/Jan-Visser-portret.jpg\" class=\"attachment-large size-large wp-image-5272\" alt=\"Jan Visser Portret\" srcset=\"https:\/\/zandvoortsmuseum.nl\/wp-content\/uploads\/2026\/02\/Jan-Visser-portret.jpg 670w, https:\/\/zandvoortsmuseum.nl\/wp-content\/uploads\/2026\/02\/Jan-Visser-portret-246x300.jpg 246w\" sizes=\"(max-width: 670px) 100vw, 670px\" \/>\t\t\t\t\t\t\t\t\t\t\t\t\t\t\t<\/div>\n\t\t<div class=\"elementor-element elementor-element-34599a8 e-con-full e-flex e-con e-child\" data-id=\"34599a8\" data-element_type=\"container\" data-e-type=\"container\">\n\t\t<div class=\"elementor-element elementor-element-0c5e12d e-con-full e-flex e-con e-child\" data-id=\"0c5e12d\" data-element_type=\"container\" data-e-type=\"container\" data-settings=\"{&quot;background_background&quot;:&quot;classic&quot;}\">\n\t\t\t\t<div class=\"elementor-element elementor-element-9ece91c bericht-kop2 elementor-widget elementor-widget-theme-post-title elementor-page-title elementor-widget-heading\" data-id=\"9ece91c\" data-element_type=\"widget\" data-e-type=\"widget\" data-widget_type=\"theme-post-title.default\">\n\t\t\t\t\t<h1 class=\"elementor-heading-title elementor-size-default\">Jan Visser<\/h1>\t\t\t\t<\/div>\n\t\t<div class=\"elementor-element elementor-element-0855f47 e-con-full filtres-bericht elementor-hidden-desktop elementor-hidden-tablet elementor-hidden-mobile e-flex e-con e-child\" data-id=\"0855f47\" data-element_type=\"container\" data-e-type=\"container\">\n\t\t\t\t<\/div>\n\t\t\t\t<\/div>\n\t\t\t\t<\/div>\n\t\t\t\t\t<\/div>\n\t\t\t\t<\/a>\n\t\t\t\t<\/div>\n\t\t\t\t<div data-elementor-type=\"loop-item\" data-elementor-id=\"402\" class=\"elementor elementor-402 e-loop-item e-loop-item-5151 post-5151 verhalen type-verhalen status-publish has-post-thumbnail hentry\" data-elementor-post-type=\"elementor_library\" data-custom-edit-handle=\"1\">\n\t\t\t<a class=\"elementor-element elementor-element-de77a9a e-flex e-con-boxed e-con e-parent\" data-id=\"de77a9a\" data-element_type=\"container\" data-e-type=\"container\" data-settings=\"{&quot;background_background&quot;:&quot;classic&quot;}\" href=\"https:\/\/zandvoortsmuseum.nl\/de\/verhalen\/aardstralen-in-zandvoort\/\">\n\t\t\t\t\t<div class=\"e-con-inner\">\n\t\t\t\t<div class=\"elementor-element elementor-element-5e8bb76 elementor-widget elementor-widget-image\" data-id=\"5e8bb76\" data-element_type=\"widget\" data-e-type=\"widget\" data-widget_type=\"image.default\">\n\t\t\t\t\t\t\t\t\t\t\t\t\t\t\t<img loading=\"lazy\" decoding=\"async\" width=\"800\" height=\"329\" src=\"https:\/\/zandvoortsmuseum.nl\/wp-content\/uploads\/2026\/01\/Aardstralen-kastje-Collectie-Zandvoorts-Museum-1024x421.jpg\" class=\"attachment-large size-large wp-image-5152\" alt=\"Aardstralen Kastje Collectie Zandvoorts Museum\" srcset=\"https:\/\/zandvoortsmuseum.nl\/wp-content\/uploads\/2026\/01\/Aardstralen-kastje-Collectie-Zandvoorts-Museum-1024x421.jpg 1024w, https:\/\/zandvoortsmuseum.nl\/wp-content\/uploads\/2026\/01\/Aardstralen-kastje-Collectie-Zandvoorts-Museum-300x123.jpg 300w, https:\/\/zandvoortsmuseum.nl\/wp-content\/uploads\/2026\/01\/Aardstralen-kastje-Collectie-Zandvoorts-Museum-768x316.jpg 768w, https:\/\/zandvoortsmuseum.nl\/wp-content\/uploads\/2026\/01\/Aardstralen-kastje-Collectie-Zandvoorts-Museum-1536x631.jpg 1536w, https:\/\/zandvoortsmuseum.nl\/wp-content\/uploads\/2026\/01\/Aardstralen-kastje-Collectie-Zandvoorts-Museum.jpg 1920w\" sizes=\"(max-width: 800px) 100vw, 800px\" \/>\t\t\t\t\t\t\t\t\t\t\t\t\t\t\t<\/div>\n\t\t<div class=\"elementor-element elementor-element-34599a8 e-con-full e-flex e-con e-child\" data-id=\"34599a8\" data-element_type=\"container\" data-e-type=\"container\">\n\t\t<div class=\"elementor-element elementor-element-0c5e12d e-con-full e-flex e-con e-child\" data-id=\"0c5e12d\" data-element_type=\"container\" data-e-type=\"container\" data-settings=\"{&quot;background_background&quot;:&quot;classic&quot;}\">\n\t\t\t\t<div class=\"elementor-element elementor-element-9ece91c bericht-kop2 elementor-widget elementor-widget-theme-post-title elementor-page-title elementor-widget-heading\" data-id=\"9ece91c\" data-element_type=\"widget\" data-e-type=\"widget\" data-widget_type=\"theme-post-title.default\">\n\t\t\t\t\t<h1 class=\"elementor-heading-title elementor-size-default\">Aardstralen in Zandvoort<\/h1>\t\t\t\t<\/div>\n\t\t<div class=\"elementor-element elementor-element-0855f47 e-con-full filtres-bericht elementor-hidden-desktop elementor-hidden-tablet elementor-hidden-mobile e-flex e-con e-child\" data-id=\"0855f47\" data-element_type=\"container\" data-e-type=\"container\">\n\t\t\t\t<\/div>\n\t\t\t\t<\/div>\n\t\t\t\t<\/div>\n\t\t\t\t\t<\/div>\n\t\t\t\t<\/a>\n\t\t\t\t<\/div>\n\t\t\t\t<div data-elementor-type=\"loop-item\" data-elementor-id=\"402\" class=\"elementor elementor-402 e-loop-item e-loop-item-4390 post-4390 verhalen type-verhalen status-publish has-post-thumbnail hentry\" data-elementor-post-type=\"elementor_library\" data-custom-edit-handle=\"1\">\n\t\t\t<a class=\"elementor-element elementor-element-de77a9a e-flex e-con-boxed e-con e-parent\" data-id=\"de77a9a\" data-element_type=\"container\" data-e-type=\"container\" data-settings=\"{&quot;background_background&quot;:&quot;classic&quot;}\" href=\"https:\/\/zandvoortsmuseum.nl\/de\/verhalen\/therese-schwartze\/\">\n\t\t\t\t\t<div class=\"e-con-inner\">\n\t\t\t\t<div class=\"elementor-element elementor-element-5e8bb76 elementor-widget elementor-widget-image\" data-id=\"5e8bb76\" data-element_type=\"widget\" data-e-type=\"widget\" data-widget_type=\"image.default\">\n\t\t\t\t\t\t\t\t\t\t\t\t\t\t\t<img loading=\"lazy\" decoding=\"async\" width=\"800\" height=\"929\" src=\"https:\/\/zandvoortsmuseum.nl\/wp-content\/uploads\/2026\/01\/Therese-Schwartze-Zelfportret-1917-882x1024.jpg\" class=\"attachment-large size-large wp-image-4391\" alt=\"Therese Schwartze Zelfportret\" srcset=\"https:\/\/zandvoortsmuseum.nl\/wp-content\/uploads\/2026\/01\/Therese-Schwartze-Zelfportret-1917-882x1024.jpg 882w, https:\/\/zandvoortsmuseum.nl\/wp-content\/uploads\/2026\/01\/Therese-Schwartze-Zelfportret-1917-258x300.jpg 258w, https:\/\/zandvoortsmuseum.nl\/wp-content\/uploads\/2026\/01\/Therese-Schwartze-Zelfportret-1917-768x891.jpg 768w, https:\/\/zandvoortsmuseum.nl\/wp-content\/uploads\/2026\/01\/Therese-Schwartze-Zelfportret-1917.jpg 1040w\" sizes=\"(max-width: 800px) 100vw, 800px\" \/>\t\t\t\t\t\t\t\t\t\t\t\t\t\t\t<\/div>\n\t\t<div class=\"elementor-element elementor-element-34599a8 e-con-full e-flex e-con e-child\" data-id=\"34599a8\" data-element_type=\"container\" data-e-type=\"container\">\n\t\t<div class=\"elementor-element elementor-element-0c5e12d e-con-full e-flex e-con e-child\" data-id=\"0c5e12d\" data-element_type=\"container\" data-e-type=\"container\" data-settings=\"{&quot;background_background&quot;:&quot;classic&quot;}\">\n\t\t\t\t<div class=\"elementor-element elementor-element-9ece91c bericht-kop2 elementor-widget elementor-widget-theme-post-title elementor-page-title elementor-widget-heading\" data-id=\"9ece91c\" data-element_type=\"widget\" data-e-type=\"widget\" data-widget_type=\"theme-post-title.default\">\n\t\t\t\t\t<h1 class=\"elementor-heading-title elementor-size-default\">Th\u00e9r\u00e8se Schwartze<\/h1>\t\t\t\t<\/div>\n\t\t<div class=\"elementor-element elementor-element-0855f47 e-con-full filtres-bericht elementor-hidden-desktop elementor-hidden-tablet elementor-hidden-mobile e-flex e-con e-child\" data-id=\"0855f47\" data-element_type=\"container\" data-e-type=\"container\">\n\t\t\t\t<\/div>\n\t\t\t\t<\/div>\n\t\t\t\t<\/div>\n\t\t\t\t\t<\/div>\n\t\t\t\t<\/a>\n\t\t\t\t<\/div>\n\t\t\t\t<div data-elementor-type=\"loop-item\" data-elementor-id=\"402\" class=\"elementor elementor-402 e-loop-item e-loop-item-4078 post-4078 verhalen type-verhalen status-publish has-post-thumbnail hentry\" data-elementor-post-type=\"elementor_library\" data-custom-edit-handle=\"1\">\n\t\t\t<a class=\"elementor-element elementor-element-de77a9a e-flex e-con-boxed e-con e-parent\" data-id=\"de77a9a\" data-element_type=\"container\" data-e-type=\"container\" data-settings=\"{&quot;background_background&quot;:&quot;classic&quot;}\" href=\"https:\/\/zandvoortsmuseum.nl\/de\/verhalen\/mezger-aan-zee\/\">\n\t\t\t\t\t<div class=\"e-con-inner\">\n\t\t\t\t<div class=\"elementor-element elementor-element-5e8bb76 elementor-widget elementor-widget-image\" data-id=\"5e8bb76\" data-element_type=\"widget\" data-e-type=\"widget\" data-widget_type=\"image.default\">\n\t\t\t\t\t\t\t\t\t\t\t\t\t\t\t<img loading=\"lazy\" decoding=\"async\" width=\"800\" height=\"341\" src=\"https:\/\/zandvoortsmuseum.nl\/wp-content\/uploads\/2025\/12\/Dr.-J.G.-Mezger-1024x437.jpg\" class=\"attachment-large size-large wp-image-4082\" alt=\"Dr. J.G. Mezger\" srcset=\"https:\/\/zandvoortsmuseum.nl\/wp-content\/uploads\/2025\/12\/Dr.-J.G.-Mezger-1024x437.jpg 1024w, https:\/\/zandvoortsmuseum.nl\/wp-content\/uploads\/2025\/12\/Dr.-J.G.-Mezger-300x128.jpg 300w, https:\/\/zandvoortsmuseum.nl\/wp-content\/uploads\/2025\/12\/Dr.-J.G.-Mezger-768x328.jpg 768w, https:\/\/zandvoortsmuseum.nl\/wp-content\/uploads\/2025\/12\/Dr.-J.G.-Mezger-1536x656.jpg 1536w, https:\/\/zandvoortsmuseum.nl\/wp-content\/uploads\/2025\/12\/Dr.-J.G.-Mezger.jpg 1920w\" sizes=\"(max-width: 800px) 100vw, 800px\" \/>\t\t\t\t\t\t\t\t\t\t\t\t\t\t\t<\/div>\n\t\t<div class=\"elementor-element elementor-element-34599a8 e-con-full e-flex e-con e-child\" data-id=\"34599a8\" data-element_type=\"container\" data-e-type=\"container\">\n\t\t<div class=\"elementor-element elementor-element-0c5e12d e-con-full e-flex e-con e-child\" data-id=\"0c5e12d\" data-element_type=\"container\" data-e-type=\"container\" data-settings=\"{&quot;background_background&quot;:&quot;classic&quot;}\">\n\t\t\t\t<div class=\"elementor-element elementor-element-9ece91c bericht-kop2 elementor-widget elementor-widget-theme-post-title elementor-page-title elementor-widget-heading\" data-id=\"9ece91c\" data-element_type=\"widget\" data-e-type=\"widget\" data-widget_type=\"theme-post-title.default\">\n\t\t\t\t\t<h1 class=\"elementor-heading-title elementor-size-default\">Mezger aan Zee<\/h1>\t\t\t\t<\/div>\n\t\t<div class=\"elementor-element elementor-element-0855f47 e-con-full filtres-bericht elementor-hidden-desktop elementor-hidden-tablet elementor-hidden-mobile e-flex e-con e-child\" data-id=\"0855f47\" data-element_type=\"container\" data-e-type=\"container\">\n\t\t\t\t<\/div>\n\t\t\t\t<\/div>\n\t\t\t\t<\/div>\n\t\t\t\t\t<\/div>\n\t\t\t\t<\/a>\n\t\t\t\t<\/div>\n\t\t\t\t<div data-elementor-type=\"loop-item\" data-elementor-id=\"402\" class=\"elementor elementor-402 e-loop-item e-loop-item-3654 post-3654 verhalen type-verhalen status-publish has-post-thumbnail hentry\" data-elementor-post-type=\"elementor_library\" data-custom-edit-handle=\"1\">\n\t\t\t<a class=\"elementor-element elementor-element-de77a9a e-flex e-con-boxed e-con e-parent\" data-id=\"de77a9a\" data-element_type=\"container\" data-e-type=\"container\" data-settings=\"{&quot;background_background&quot;:&quot;classic&quot;}\" href=\"https:\/\/zandvoortsmuseum.nl\/de\/verhalen\/cornelis-springer\/\">\n\t\t\t\t\t<div class=\"e-con-inner\">\n\t\t\t\t<div class=\"elementor-element elementor-element-5e8bb76 elementor-widget elementor-widget-image\" data-id=\"5e8bb76\" data-element_type=\"widget\" data-e-type=\"widget\" data-widget_type=\"image.default\">\n\t\t\t\t\t\t\t\t\t\t\t\t\t\t\t<img loading=\"lazy\" decoding=\"async\" width=\"800\" height=\"987\" src=\"https:\/\/zandvoortsmuseum.nl\/wp-content\/uploads\/2025\/11\/Cornelis-Springer-1817-1891-Nicolaas_Pieneman-830x1024.jpg\" class=\"attachment-large size-large wp-image-3655\" alt=\"Cornelis Springer 1817 1891 Nicolaas_Pieneman\" srcset=\"https:\/\/zandvoortsmuseum.nl\/wp-content\/uploads\/2025\/11\/Cornelis-Springer-1817-1891-Nicolaas_Pieneman-830x1024.jpg 830w, https:\/\/zandvoortsmuseum.nl\/wp-content\/uploads\/2025\/11\/Cornelis-Springer-1817-1891-Nicolaas_Pieneman-243x300.jpg 243w, https:\/\/zandvoortsmuseum.nl\/wp-content\/uploads\/2025\/11\/Cornelis-Springer-1817-1891-Nicolaas_Pieneman-768x948.jpg 768w, https:\/\/zandvoortsmuseum.nl\/wp-content\/uploads\/2025\/11\/Cornelis-Springer-1817-1891-Nicolaas_Pieneman-1244x1536.jpg 1244w, https:\/\/zandvoortsmuseum.nl\/wp-content\/uploads\/2025\/11\/Cornelis-Springer-1817-1891-Nicolaas_Pieneman.jpg 1400w\" sizes=\"(max-width: 800px) 100vw, 800px\" \/>\t\t\t\t\t\t\t\t\t\t\t\t\t\t\t<\/div>\n\t\t<div class=\"elementor-element elementor-element-34599a8 e-con-full e-flex e-con e-child\" data-id=\"34599a8\" data-element_type=\"container\" data-e-type=\"container\">\n\t\t<div class=\"elementor-element elementor-element-0c5e12d e-con-full e-flex e-con e-child\" data-id=\"0c5e12d\" data-element_type=\"container\" data-e-type=\"container\" data-settings=\"{&quot;background_background&quot;:&quot;classic&quot;}\">\n\t\t\t\t<div class=\"elementor-element elementor-element-9ece91c bericht-kop2 elementor-widget elementor-widget-theme-post-title elementor-page-title elementor-widget-heading\" data-id=\"9ece91c\" data-element_type=\"widget\" data-e-type=\"widget\" data-widget_type=\"theme-post-title.default\">\n\t\t\t\t\t<h1 class=\"elementor-heading-title elementor-size-default\">Cornelis Springer<\/h1>\t\t\t\t<\/div>\n\t\t<div class=\"elementor-element elementor-element-0855f47 e-con-full filtres-bericht elementor-hidden-desktop elementor-hidden-tablet elementor-hidden-mobile e-flex e-con e-child\" data-id=\"0855f47\" data-element_type=\"container\" data-e-type=\"container\">\n\t\t\t\t<\/div>\n\t\t\t\t<\/div>\n\t\t\t\t<\/div>\n\t\t\t\t\t<\/div>\n\t\t\t\t<\/a>\n\t\t\t\t<\/div>\n\t\t\t\t<div data-elementor-type=\"loop-item\" data-elementor-id=\"402\" class=\"elementor elementor-402 e-loop-item e-loop-item-3294 post-3294 verhalen type-verhalen status-publish has-post-thumbnail hentry\" data-elementor-post-type=\"elementor_library\" data-custom-edit-handle=\"1\">\n\t\t\t<a class=\"elementor-element elementor-element-de77a9a e-flex e-con-boxed e-con e-parent\" data-id=\"de77a9a\" data-element_type=\"container\" data-e-type=\"container\" data-settings=\"{&quot;background_background&quot;:&quot;classic&quot;}\" href=\"https:\/\/zandvoortsmuseum.nl\/de\/verhalen\/maarten-krabbe\/\">\n\t\t\t\t\t<div class=\"e-con-inner\">\n\t\t\t\t<div class=\"elementor-element elementor-element-5e8bb76 elementor-widget elementor-widget-image\" data-id=\"5e8bb76\" data-element_type=\"widget\" data-e-type=\"widget\" data-widget_type=\"image.default\">\n\t\t\t\t\t\t\t\t\t\t\t\t\t\t\t<img loading=\"lazy\" decoding=\"async\" width=\"763\" height=\"1024\" src=\"https:\/\/zandvoortsmuseum.nl\/wp-content\/uploads\/2025\/10\/Maarten-Krabbe-portret-Jeugd-763x1024.jpg\" class=\"attachment-large size-large wp-image-3295\" alt=\"Maarten Krabbe Portret Jeugd\" srcset=\"https:\/\/zandvoortsmuseum.nl\/wp-content\/uploads\/2025\/10\/Maarten-Krabbe-portret-Jeugd-763x1024.jpg 763w, https:\/\/zandvoortsmuseum.nl\/wp-content\/uploads\/2025\/10\/Maarten-Krabbe-portret-Jeugd-223x300.jpg 223w, https:\/\/zandvoortsmuseum.nl\/wp-content\/uploads\/2025\/10\/Maarten-Krabbe-portret-Jeugd-768x1031.jpg 768w, https:\/\/zandvoortsmuseum.nl\/wp-content\/uploads\/2025\/10\/Maarten-Krabbe-portret-Jeugd-1144x1536.jpg 1144w, https:\/\/zandvoortsmuseum.nl\/wp-content\/uploads\/2025\/10\/Maarten-Krabbe-portret-Jeugd-1526x2048.jpg 1526w, https:\/\/zandvoortsmuseum.nl\/wp-content\/uploads\/2025\/10\/Maarten-Krabbe-portret-Jeugd.jpg 1749w\" sizes=\"(max-width: 763px) 100vw, 763px\" \/>\t\t\t\t\t\t\t\t\t\t\t\t\t\t\t<\/div>\n\t\t<div class=\"elementor-element elementor-element-34599a8 e-con-full e-flex e-con e-child\" data-id=\"34599a8\" data-element_type=\"container\" data-e-type=\"container\">\n\t\t<div class=\"elementor-element elementor-element-0c5e12d e-con-full e-flex e-con e-child\" data-id=\"0c5e12d\" data-element_type=\"container\" data-e-type=\"container\" data-settings=\"{&quot;background_background&quot;:&quot;classic&quot;}\">\n\t\t\t\t<div class=\"elementor-element elementor-element-9ece91c bericht-kop2 elementor-widget elementor-widget-theme-post-title elementor-page-title elementor-widget-heading\" data-id=\"9ece91c\" data-element_type=\"widget\" data-e-type=\"widget\" data-widget_type=\"theme-post-title.default\">\n\t\t\t\t\t<h1 class=\"elementor-heading-title elementor-size-default\">Maarten Krabb\u00e9<\/h1>\t\t\t\t<\/div>\n\t\t<div class=\"elementor-element elementor-element-0855f47 e-con-full filtres-bericht elementor-hidden-desktop elementor-hidden-tablet elementor-hidden-mobile e-flex e-con e-child\" data-id=\"0855f47\" data-element_type=\"container\" data-e-type=\"container\">\n\t\t\t\t<\/div>\n\t\t\t\t<\/div>\n\t\t\t\t<\/div>\n\t\t\t\t\t<\/div>\n\t\t\t\t<\/a>\n\t\t\t\t<\/div>\n\t\t\t\t<div data-elementor-type=\"loop-item\" data-elementor-id=\"402\" class=\"elementor elementor-402 e-loop-item e-loop-item-3650 post-3650 verhalen type-verhalen status-publish has-post-thumbnail hentry\" data-elementor-post-type=\"elementor_library\" data-custom-edit-handle=\"1\">\n\t\t\t<a class=\"elementor-element elementor-element-de77a9a e-flex e-con-boxed e-con e-parent\" data-id=\"de77a9a\" data-element_type=\"container\" data-e-type=\"container\" data-settings=\"{&quot;background_background&quot;:&quot;classic&quot;}\" href=\"https:\/\/zandvoortsmuseum.nl\/de\/verhalen\/von-der-heydt-musea\/\">\n\t\t\t\t\t<div class=\"e-con-inner\">\n\t\t\t\t<div class=\"elementor-element elementor-element-5e8bb76 elementor-widget elementor-widget-image\" data-id=\"5e8bb76\" data-element_type=\"widget\" data-e-type=\"widget\" data-widget_type=\"image.default\">\n\t\t\t\t\t\t\t\t\t\t\t\t\t\t\t<img loading=\"lazy\" decoding=\"async\" width=\"800\" height=\"511\" src=\"https:\/\/zandvoortsmuseum.nl\/wp-content\/uploads\/2025\/11\/Fondazione-Monte-Verita-Ascone-1024x654.jpg\" class=\"attachment-large size-large wp-image-3651\" alt=\"Fondazione Monte Verita Ascone\" srcset=\"https:\/\/zandvoortsmuseum.nl\/wp-content\/uploads\/2025\/11\/Fondazione-Monte-Verita-Ascone-1024x654.jpg 1024w, https:\/\/zandvoortsmuseum.nl\/wp-content\/uploads\/2025\/11\/Fondazione-Monte-Verita-Ascone-300x192.jpg 300w, https:\/\/zandvoortsmuseum.nl\/wp-content\/uploads\/2025\/11\/Fondazione-Monte-Verita-Ascone-768x490.jpg 768w, https:\/\/zandvoortsmuseum.nl\/wp-content\/uploads\/2025\/11\/Fondazione-Monte-Verita-Ascone-1536x981.jpg 1536w, https:\/\/zandvoortsmuseum.nl\/wp-content\/uploads\/2025\/11\/Fondazione-Monte-Verita-Ascone.jpg 1920w\" sizes=\"(max-width: 800px) 100vw, 800px\" \/>\t\t\t\t\t\t\t\t\t\t\t\t\t\t\t<\/div>\n\t\t<div class=\"elementor-element elementor-element-34599a8 e-con-full e-flex e-con e-child\" data-id=\"34599a8\" data-element_type=\"container\" data-e-type=\"container\">\n\t\t<div class=\"elementor-element elementor-element-0c5e12d e-con-full e-flex e-con e-child\" data-id=\"0c5e12d\" data-element_type=\"container\" data-e-type=\"container\" data-settings=\"{&quot;background_background&quot;:&quot;classic&quot;}\">\n\t\t\t\t<div class=\"elementor-element elementor-element-9ece91c bericht-kop2 elementor-widget elementor-widget-theme-post-title elementor-page-title elementor-widget-heading\" data-id=\"9ece91c\" data-element_type=\"widget\" data-e-type=\"widget\" data-widget_type=\"theme-post-title.default\">\n\t\t\t\t\t<h1 class=\"elementor-heading-title elementor-size-default\">Von Der Heydt Musea<\/h1>\t\t\t\t<\/div>\n\t\t<div class=\"elementor-element elementor-element-0855f47 e-con-full filtres-bericht elementor-hidden-desktop elementor-hidden-tablet elementor-hidden-mobile e-flex e-con e-child\" data-id=\"0855f47\" data-element_type=\"container\" data-e-type=\"container\">\n\t\t\t\t<\/div>\n\t\t\t\t<\/div>\n\t\t\t\t<\/div>\n\t\t\t\t\t<\/div>\n\t\t\t\t<\/a>\n\t\t\t\t<\/div>\n\t\t\t\t<div data-elementor-type=\"loop-item\" data-elementor-id=\"402\" class=\"elementor elementor-402 e-loop-item e-loop-item-3647 post-3647 verhalen type-verhalen status-publish has-post-thumbnail hentry\" data-elementor-post-type=\"elementor_library\" data-custom-edit-handle=\"1\">\n\t\t\t<a class=\"elementor-element elementor-element-de77a9a e-flex e-con-boxed e-con e-parent\" data-id=\"de77a9a\" data-element_type=\"container\" data-e-type=\"container\" data-settings=\"{&quot;background_background&quot;:&quot;classic&quot;}\" href=\"https:\/\/zandvoortsmuseum.nl\/de\/verhalen\/verdachte-baron\/\">\n\t\t\t\t\t<div class=\"e-con-inner\">\n\t\t\t\t<div class=\"elementor-element elementor-element-5e8bb76 elementor-widget elementor-widget-image\" data-id=\"5e8bb76\" data-element_type=\"widget\" data-e-type=\"widget\" data-widget_type=\"image.default\">\n\t\t\t\t\t\t\t\t\t\t\t\t\t\t\t<img loading=\"lazy\" decoding=\"async\" width=\"800\" height=\"584\" src=\"https:\/\/zandvoortsmuseum.nl\/wp-content\/uploads\/2025\/11\/Prinz-August-Wilhelm-von-Preussen-en-Eduard-von-der-Heydt-Berlijn-1933-1024x747.jpg\" class=\"attachment-large size-large wp-image-3649\" alt=\"Prinz August Wilhelm Von Preussen En Eduard Von Der Heydt Berlijn\" srcset=\"https:\/\/zandvoortsmuseum.nl\/wp-content\/uploads\/2025\/11\/Prinz-August-Wilhelm-von-Preussen-en-Eduard-von-der-Heydt-Berlijn-1933-1024x747.jpg 1024w, https:\/\/zandvoortsmuseum.nl\/wp-content\/uploads\/2025\/11\/Prinz-August-Wilhelm-von-Preussen-en-Eduard-von-der-Heydt-Berlijn-1933-300x219.jpg 300w, https:\/\/zandvoortsmuseum.nl\/wp-content\/uploads\/2025\/11\/Prinz-August-Wilhelm-von-Preussen-en-Eduard-von-der-Heydt-Berlijn-1933-768x560.jpg 768w, https:\/\/zandvoortsmuseum.nl\/wp-content\/uploads\/2025\/11\/Prinz-August-Wilhelm-von-Preussen-en-Eduard-von-der-Heydt-Berlijn-1933-1536x1121.jpg 1536w, https:\/\/zandvoortsmuseum.nl\/wp-content\/uploads\/2025\/11\/Prinz-August-Wilhelm-von-Preussen-en-Eduard-von-der-Heydt-Berlijn-1933.jpg 1920w\" sizes=\"(max-width: 800px) 100vw, 800px\" \/>\t\t\t\t\t\t\t\t\t\t\t\t\t\t\t<\/div>\n\t\t<div class=\"elementor-element elementor-element-34599a8 e-con-full e-flex e-con e-child\" data-id=\"34599a8\" data-element_type=\"container\" data-e-type=\"container\">\n\t\t<div class=\"elementor-element elementor-element-0c5e12d e-con-full e-flex e-con e-child\" data-id=\"0c5e12d\" data-element_type=\"container\" data-e-type=\"container\" data-settings=\"{&quot;background_background&quot;:&quot;classic&quot;}\">\n\t\t\t\t<div class=\"elementor-element elementor-element-9ece91c bericht-kop2 elementor-widget elementor-widget-theme-post-title elementor-page-title elementor-widget-heading\" data-id=\"9ece91c\" data-element_type=\"widget\" data-e-type=\"widget\" data-widget_type=\"theme-post-title.default\">\n\t\t\t\t\t<h1 class=\"elementor-heading-title elementor-size-default\">Verdachte Baron<\/h1>\t\t\t\t<\/div>\n\t\t<div class=\"elementor-element elementor-element-0855f47 e-con-full filtres-bericht elementor-hidden-desktop elementor-hidden-tablet elementor-hidden-mobile e-flex e-con e-child\" data-id=\"0855f47\" data-element_type=\"container\" data-e-type=\"container\">\n\t\t\t\t<\/div>\n\t\t\t\t<\/div>\n\t\t\t\t<\/div>\n\t\t\t\t\t<\/div>\n\t\t\t\t<\/a>\n\t\t\t\t<\/div>\n\t\t\t\t<div data-elementor-type=\"loop-item\" data-elementor-id=\"402\" class=\"elementor elementor-402 e-loop-item e-loop-item-3616 post-3616 verhalen type-verhalen status-publish has-post-thumbnail hentry\" data-elementor-post-type=\"elementor_library\" data-custom-edit-handle=\"1\">\n\t\t\t<a class=\"elementor-element elementor-element-de77a9a e-flex e-con-boxed e-con e-parent\" data-id=\"de77a9a\" data-element_type=\"container\" data-e-type=\"container\" data-settings=\"{&quot;background_background&quot;:&quot;classic&quot;}\" href=\"https:\/\/zandvoortsmuseum.nl\/de\/verhalen\/baron-in-zandvoort\/\">\n\t\t\t\t\t<div class=\"e-con-inner\">\n\t\t\t\t<div class=\"elementor-element elementor-element-5e8bb76 elementor-widget elementor-widget-image\" data-id=\"5e8bb76\" data-element_type=\"widget\" data-e-type=\"widget\" data-widget_type=\"image.default\">\n\t\t\t\t\t\t\t\t\t\t\t\t\t\t\t<img loading=\"lazy\" decoding=\"async\" width=\"800\" height=\"818\" src=\"https:\/\/zandvoortsmuseum.nl\/wp-content\/uploads\/2025\/11\/Eduard-von-der-Heydt-in-Zandvoort-1933-bpk-Erich-Salomon-1002x1024.jpg\" class=\"attachment-large size-large wp-image-3619\" alt=\"Eduard Von Der Heydt In Zandvoort 1933 Bpk Erich Salomon\" srcset=\"https:\/\/zandvoortsmuseum.nl\/wp-content\/uploads\/2025\/11\/Eduard-von-der-Heydt-in-Zandvoort-1933-bpk-Erich-Salomon-1002x1024.jpg 1002w, https:\/\/zandvoortsmuseum.nl\/wp-content\/uploads\/2025\/11\/Eduard-von-der-Heydt-in-Zandvoort-1933-bpk-Erich-Salomon-294x300.jpg 294w, https:\/\/zandvoortsmuseum.nl\/wp-content\/uploads\/2025\/11\/Eduard-von-der-Heydt-in-Zandvoort-1933-bpk-Erich-Salomon-768x785.jpg 768w, https:\/\/zandvoortsmuseum.nl\/wp-content\/uploads\/2025\/11\/Eduard-von-der-Heydt-in-Zandvoort-1933-bpk-Erich-Salomon-1503x1536.jpg 1503w, https:\/\/zandvoortsmuseum.nl\/wp-content\/uploads\/2025\/11\/Eduard-von-der-Heydt-in-Zandvoort-1933-bpk-Erich-Salomon.jpg 1920w\" sizes=\"(max-width: 800px) 100vw, 800px\" \/>\t\t\t\t\t\t\t\t\t\t\t\t\t\t\t<\/div>\n\t\t<div class=\"elementor-element elementor-element-34599a8 e-con-full e-flex e-con e-child\" data-id=\"34599a8\" data-element_type=\"container\" data-e-type=\"container\">\n\t\t<div class=\"elementor-element elementor-element-0c5e12d e-con-full e-flex e-con e-child\" data-id=\"0c5e12d\" data-element_type=\"container\" data-e-type=\"container\" data-settings=\"{&quot;background_background&quot;:&quot;classic&quot;}\">\n\t\t\t\t<div class=\"elementor-element elementor-element-9ece91c bericht-kop2 elementor-widget elementor-widget-theme-post-title elementor-page-title elementor-widget-heading\" data-id=\"9ece91c\" data-element_type=\"widget\" data-e-type=\"widget\" data-widget_type=\"theme-post-title.default\">\n\t\t\t\t\t<h1 class=\"elementor-heading-title elementor-size-default\">Baron in Zandvoort<\/h1>\t\t\t\t<\/div>\n\t\t<div class=\"elementor-element elementor-element-0855f47 e-con-full filtres-bericht elementor-hidden-desktop elementor-hidden-tablet elementor-hidden-mobile e-flex e-con e-child\" data-id=\"0855f47\" data-element_type=\"container\" data-e-type=\"container\">\n\t\t\t\t<\/div>\n\t\t\t\t<\/div>\n\t\t\t\t<\/div>\n\t\t\t\t\t<\/div>\n\t\t\t\t<\/a>\n\t\t\t\t<\/div>\n\t\t\t\t<div data-elementor-type=\"loop-item\" data-elementor-id=\"402\" class=\"elementor elementor-402 e-loop-item e-loop-item-3613 post-3613 verhalen type-verhalen status-publish has-post-thumbnail hentry\" data-elementor-post-type=\"elementor_library\" data-custom-edit-handle=\"1\">\n\t\t\t<a class=\"elementor-element elementor-element-de77a9a e-flex e-con-boxed e-con e-parent\" data-id=\"de77a9a\" data-element_type=\"container\" data-e-type=\"container\" data-settings=\"{&quot;background_background&quot;:&quot;classic&quot;}\" href=\"https:\/\/zandvoortsmuseum.nl\/de\/verhalen\/kunstcollectie-von-der-heydt\/\">\n\t\t\t\t\t<div class=\"e-con-inner\">\n\t\t\t\t<div class=\"elementor-element elementor-element-5e8bb76 elementor-widget elementor-widget-image\" data-id=\"5e8bb76\" data-element_type=\"widget\" data-e-type=\"widget\" data-widget_type=\"image.default\">\n\t\t\t\t\t\t\t\t\t\t\t\t\t\t\t<img loading=\"lazy\" decoding=\"async\" width=\"800\" height=\"627\" src=\"https:\/\/zandvoortsmuseum.nl\/wp-content\/uploads\/2025\/11\/Zandvoort-Dogon-Figurenpaar-1933-bpk-Erich-Salomon-1024x802.jpg\" class=\"attachment-large size-large wp-image-3615\" alt=\"Zandvoort Dogon Figurenpaar 1933 Bpk Erich Salomon\" srcset=\"https:\/\/zandvoortsmuseum.nl\/wp-content\/uploads\/2025\/11\/Zandvoort-Dogon-Figurenpaar-1933-bpk-Erich-Salomon-1024x802.jpg 1024w, https:\/\/zandvoortsmuseum.nl\/wp-content\/uploads\/2025\/11\/Zandvoort-Dogon-Figurenpaar-1933-bpk-Erich-Salomon-300x235.jpg 300w, https:\/\/zandvoortsmuseum.nl\/wp-content\/uploads\/2025\/11\/Zandvoort-Dogon-Figurenpaar-1933-bpk-Erich-Salomon-768x601.jpg 768w, https:\/\/zandvoortsmuseum.nl\/wp-content\/uploads\/2025\/11\/Zandvoort-Dogon-Figurenpaar-1933-bpk-Erich-Salomon-1536x1203.jpg 1536w, https:\/\/zandvoortsmuseum.nl\/wp-content\/uploads\/2025\/11\/Zandvoort-Dogon-Figurenpaar-1933-bpk-Erich-Salomon-2048x1604.jpg 2048w\" sizes=\"(max-width: 800px) 100vw, 800px\" \/>\t\t\t\t\t\t\t\t\t\t\t\t\t\t\t<\/div>\n\t\t<div class=\"elementor-element elementor-element-34599a8 e-con-full e-flex e-con e-child\" data-id=\"34599a8\" data-element_type=\"container\" data-e-type=\"container\">\n\t\t<div class=\"elementor-element elementor-element-0c5e12d e-con-full e-flex e-con e-child\" data-id=\"0c5e12d\" data-element_type=\"container\" data-e-type=\"container\" data-settings=\"{&quot;background_background&quot;:&quot;classic&quot;}\">\n\t\t\t\t<div class=\"elementor-element elementor-element-9ece91c bericht-kop2 elementor-widget elementor-widget-theme-post-title elementor-page-title elementor-widget-heading\" data-id=\"9ece91c\" data-element_type=\"widget\" data-e-type=\"widget\" data-widget_type=\"theme-post-title.default\">\n\t\t\t\t\t<h1 class=\"elementor-heading-title elementor-size-default\">Kunstcollectie von der Heydt<\/h1>\t\t\t\t<\/div>\n\t\t<div class=\"elementor-element elementor-element-0855f47 e-con-full filtres-bericht elementor-hidden-desktop elementor-hidden-tablet elementor-hidden-mobile e-flex e-con e-child\" data-id=\"0855f47\" data-element_type=\"container\" data-e-type=\"container\">\n\t\t\t\t<\/div>\n\t\t\t\t<\/div>\n\t\t\t\t<\/div>\n\t\t\t\t\t<\/div>\n\t\t\t\t<\/a>\n\t\t\t\t<\/div>\n\t\t\t\t<div data-elementor-type=\"loop-item\" data-elementor-id=\"402\" class=\"elementor elementor-402 e-loop-item e-loop-item-3575 post-3575 verhalen type-verhalen status-publish has-post-thumbnail hentry\" data-elementor-post-type=\"elementor_library\" data-custom-edit-handle=\"1\">\n\t\t\t<a class=\"elementor-element elementor-element-de77a9a e-flex e-con-boxed e-con e-parent\" data-id=\"de77a9a\" data-element_type=\"container\" data-e-type=\"container\" data-settings=\"{&quot;background_background&quot;:&quot;classic&quot;}\" href=\"https:\/\/zandvoortsmuseum.nl\/de\/verhalen\/baron-von-der-heydt\/\">\n\t\t\t\t\t<div class=\"e-con-inner\">\n\t\t\t\t<div class=\"elementor-element elementor-element-5e8bb76 elementor-widget elementor-widget-image\" data-id=\"5e8bb76\" data-element_type=\"widget\" data-e-type=\"widget\" data-widget_type=\"image.default\">\n\t\t\t\t\t\t\t\t\t\t\t\t\t\t\t<img loading=\"lazy\" decoding=\"async\" width=\"800\" height=\"652\" src=\"https:\/\/zandvoortsmuseum.nl\/wp-content\/uploads\/2025\/11\/Eduard-von-der-Heydt-en-familie-Ratebor-voor-zijn-huis-in-Zandvoort-1932-1024x835.jpg\" class=\"attachment-large size-large wp-image-3608\" alt=\"Eduard Von Der Heydt En Familie Ratebor Voor Zijn Huis In Zandvoort\" srcset=\"https:\/\/zandvoortsmuseum.nl\/wp-content\/uploads\/2025\/11\/Eduard-von-der-Heydt-en-familie-Ratebor-voor-zijn-huis-in-Zandvoort-1932-1024x835.jpg 1024w, https:\/\/zandvoortsmuseum.nl\/wp-content\/uploads\/2025\/11\/Eduard-von-der-Heydt-en-familie-Ratebor-voor-zijn-huis-in-Zandvoort-1932-300x245.jpg 300w, https:\/\/zandvoortsmuseum.nl\/wp-content\/uploads\/2025\/11\/Eduard-von-der-Heydt-en-familie-Ratebor-voor-zijn-huis-in-Zandvoort-1932-768x626.jpg 768w, https:\/\/zandvoortsmuseum.nl\/wp-content\/uploads\/2025\/11\/Eduard-von-der-Heydt-en-familie-Ratebor-voor-zijn-huis-in-Zandvoort-1932-1536x1252.jpg 1536w, https:\/\/zandvoortsmuseum.nl\/wp-content\/uploads\/2025\/11\/Eduard-von-der-Heydt-en-familie-Ratebor-voor-zijn-huis-in-Zandvoort-1932.jpg 1546w\" sizes=\"(max-width: 800px) 100vw, 800px\" \/>\t\t\t\t\t\t\t\t\t\t\t\t\t\t\t<\/div>\n\t\t<div class=\"elementor-element elementor-element-34599a8 e-con-full e-flex e-con e-child\" data-id=\"34599a8\" data-element_type=\"container\" data-e-type=\"container\">\n\t\t<div class=\"elementor-element elementor-element-0c5e12d e-con-full e-flex e-con e-child\" data-id=\"0c5e12d\" data-element_type=\"container\" data-e-type=\"container\" data-settings=\"{&quot;background_background&quot;:&quot;classic&quot;}\">\n\t\t\t\t<div class=\"elementor-element elementor-element-9ece91c bericht-kop2 elementor-widget elementor-widget-theme-post-title elementor-page-title elementor-widget-heading\" data-id=\"9ece91c\" data-element_type=\"widget\" data-e-type=\"widget\" data-widget_type=\"theme-post-title.default\">\n\t\t\t\t\t<h1 class=\"elementor-heading-title elementor-size-default\">Baron von der Heydt<\/h1>\t\t\t\t<\/div>\n\t\t<div class=\"elementor-element elementor-element-0855f47 e-con-full filtres-bericht elementor-hidden-desktop elementor-hidden-tablet elementor-hidden-mobile e-flex e-con e-child\" data-id=\"0855f47\" data-element_type=\"container\" data-e-type=\"container\">\n\t\t\t\t<\/div>\n\t\t\t\t<\/div>\n\t\t\t\t<\/div>\n\t\t\t\t\t<\/div>\n\t\t\t\t<\/a>\n\t\t\t\t<\/div>\n\t\t\t\t<div data-elementor-type=\"loop-item\" data-elementor-id=\"402\" class=\"elementor elementor-402 e-loop-item e-loop-item-3330 post-3330 verhalen type-verhalen status-publish has-post-thumbnail hentry\" data-elementor-post-type=\"elementor_library\" data-custom-edit-handle=\"1\">\n\t\t\t<a class=\"elementor-element elementor-element-de77a9a e-flex e-con-boxed e-con e-parent\" data-id=\"de77a9a\" data-element_type=\"container\" data-e-type=\"container\" data-settings=\"{&quot;background_background&quot;:&quot;classic&quot;}\" href=\"https:\/\/zandvoortsmuseum.nl\/de\/verhalen\/museum-muluru\/\">\n\t\t\t\t\t<div class=\"e-con-inner\">\n\t\t\t\t<div class=\"elementor-element elementor-element-5e8bb76 elementor-widget elementor-widget-image\" data-id=\"5e8bb76\" data-element_type=\"widget\" data-e-type=\"widget\" data-widget_type=\"image.default\">\n\t\t\t\t\t\t\t\t\t\t\t\t\t\t\t<img loading=\"lazy\" decoding=\"async\" width=\"800\" height=\"540\" src=\"https:\/\/zandvoortsmuseum.nl\/wp-content\/uploads\/2025\/11\/Muluru-Watertoren-1024x691.jpg\" class=\"attachment-large size-large wp-image-3333\" alt=\"Muluru Watertoren\" srcset=\"https:\/\/zandvoortsmuseum.nl\/wp-content\/uploads\/2025\/11\/Muluru-Watertoren-1024x691.jpg 1024w, https:\/\/zandvoortsmuseum.nl\/wp-content\/uploads\/2025\/11\/Muluru-Watertoren-300x202.jpg 300w, https:\/\/zandvoortsmuseum.nl\/wp-content\/uploads\/2025\/11\/Muluru-Watertoren-768x518.jpg 768w, https:\/\/zandvoortsmuseum.nl\/wp-content\/uploads\/2025\/11\/Muluru-Watertoren-1536x1036.jpg 1536w, https:\/\/zandvoortsmuseum.nl\/wp-content\/uploads\/2025\/11\/Muluru-Watertoren.jpg 1920w\" sizes=\"(max-width: 800px) 100vw, 800px\" \/>\t\t\t\t\t\t\t\t\t\t\t\t\t\t\t<\/div>\n\t\t<div class=\"elementor-element elementor-element-34599a8 e-con-full e-flex e-con e-child\" data-id=\"34599a8\" data-element_type=\"container\" data-e-type=\"container\">\n\t\t<div class=\"elementor-element elementor-element-0c5e12d e-con-full e-flex e-con e-child\" data-id=\"0c5e12d\" data-element_type=\"container\" data-e-type=\"container\" data-settings=\"{&quot;background_background&quot;:&quot;classic&quot;}\">\n\t\t\t\t<div class=\"elementor-element elementor-element-9ece91c bericht-kop2 elementor-widget elementor-widget-theme-post-title elementor-page-title elementor-widget-heading\" data-id=\"9ece91c\" data-element_type=\"widget\" data-e-type=\"widget\" data-widget_type=\"theme-post-title.default\">\n\t\t\t\t\t<h1 class=\"elementor-heading-title elementor-size-default\">Museum Muluru<\/h1>\t\t\t\t<\/div>\n\t\t<div class=\"elementor-element elementor-element-0855f47 e-con-full filtres-bericht elementor-hidden-desktop elementor-hidden-tablet elementor-hidden-mobile e-flex e-con e-child\" data-id=\"0855f47\" data-element_type=\"container\" data-e-type=\"container\">\n\t\t\t\t<\/div>\n\t\t\t\t<\/div>\n\t\t\t\t<\/div>\n\t\t\t\t\t<\/div>\n\t\t\t\t<\/a>\n\t\t\t\t<\/div>\n\t\t\t\t<\/div>\n\t\t\n\t\t\t\t\t\t<\/div>\n\t\t\t\t<\/div>\n\t\t\t\t\t<\/div>\n\t\t\t\t<\/div>\n\t\t<div class=\"elementor-element elementor-element-7c3e892 e-con-full e-flex e-con e-parent\" data-id=\"7c3e892\" data-element_type=\"container\" data-e-type=\"container\" data-settings=\"{&quot;background_background&quot;:&quot;classic&quot;}\">\n\t\t<div class=\"elementor-element elementor-element-f5d7a4a e-flex e-con-boxed e-con e-child\" data-id=\"f5d7a4a\" data-element_type=\"container\" data-e-type=\"container\">\n\t\t\t\t\t<div class=\"e-con-inner\">\n\t\t<div class=\"elementor-element elementor-element-80550a1 e-con-full e-flex e-con e-child\" data-id=\"80550a1\" data-element_type=\"container\" data-e-type=\"container\">\n\t\t\t\t<div class=\"elementor-element elementor-element-11368ac kop-diap elementor-widget elementor-widget-heading\" data-id=\"11368ac\" data-element_type=\"widget\" data-e-type=\"widget\" data-widget_type=\"heading.default\">\n\t\t\t\t\t<h2 class=\"elementor-heading-title elementor-size-default\">Schreiben Sie mit...<\/h2>\t\t\t\t<\/div>\n\t\t\t\t<div class=\"elementor-element elementor-element-18db7f1 tekst-diap elementor-widget elementor-widget-text-editor\" data-id=\"18db7f1\" data-element_type=\"widget\" data-e-type=\"widget\" data-widget_type=\"text-editor.default\">\n\t\t\t\t\t\t\t\t\t<p class=\"p1\">Die Geschichte von Zandvoort wird anhand von interaktivem Sammlungsmanagement, organisierten Wanderungen durch das alte Zentrum des Dorfes und dem Kulturerbe-Lehrplan f\u00fcr Grundschulen ausf\u00fchrlich besprochen. In den Dauerausstellungen <em>The Life of Memories<\/em> und <em>200 Jahre Clubliefde<\/em> ist die Nostalgie des alten Zandvoort wiederzufinden. Das Zandvoorts Museum m\u00f6chte die Geschichte von Zandvoort gerne mit Ihrer Hilfe erg\u00e4nzen.  <\/p>\t\t\t\t\t\t\t\t<\/div>\n\t\t\t\t<div class=\"elementor-element elementor-element-c7ba3d9 elementor-widget elementor-widget-button\" data-id=\"c7ba3d9\" data-element_type=\"widget\" data-e-type=\"widget\" data-widget_type=\"button.default\">\n\t\t\t\t\t\t\t\t\t\t<a class=\"elementor-button elementor-button-link elementor-size-sm\" href=\"https:\/\/zandvoortsmuseum.nl\/de\/schreiben-sie-mit\/\">\n\t\t\t\t\t\t<span class=\"elementor-button-content-wrapper\">\n\t\t\t\t\t\t<span class=\"elementor-button-icon\">\n\t\t\t\t<svg aria-hidden=\"true\" class=\"e-font-icon-svg e-fas-chevron-right\" viewBox=\"0 0 320 512\" xmlns=\"http:\/\/www.w3.org\/2000\/svg\"><path d=\"M285.476 272.971L91.132 467.314c-9.373 9.373-24.569 9.373-33.941 0l-22.667-22.667c-9.357-9.357-9.375-24.522-.04-33.901L188.505 256 34.484 101.255c-9.335-9.379-9.317-24.544.04-33.901l22.667-22.667c9.373-9.373 24.569-9.373 33.941 0L285.475 239.03c9.373 9.372 9.373 24.568.001 33.941z\"><\/path><\/svg>\t\t\t<\/span>\n\t\t\t\t\t\t\t\t\t<span class=\"elementor-button-text\">Geschichte einsenden<\/span>\n\t\t\t\t\t<\/span>\n\t\t\t\t\t<\/a>\n\t\t\t\t\t\t\t\t<\/div>\n\t\t\t\t<div class=\"elementor-element elementor-element-b07f12d tekst-diap elementor-widget elementor-widget-text-editor\" data-id=\"b07f12d\" data-element_type=\"widget\" data-e-type=\"widget\" data-widget_type=\"text-editor.default\">\n\t\t\t\t\t\t\t\t\t<p class=\"p1\">Schreiben Sie eine Geschichte \u00fcber eine Frau, einen Mann, eine Familie, eine Gemeinschaft oder \u00fcber einen Ort, ein Ereignis, das etwas f\u00fcr Zandvoort bedeutet hat, und bereichern Sie so die Geschichte dieses K\u00fcstendorfes. Vielleicht handelt Ihre Geschichte von den Fischerfrauen, die die Netze flickten, den Pensionswirtinnen, die die ersten Badeg\u00e4ste empfingen, oder den Widerstandsk\u00e4mpfern, die w\u00e4hrend des Krieges ihr Leben riskierten. Die Form der Geschichte ist v\u00f6llig frei: ein Gedicht, ein Brief, eine Kurzgeschichte oder eine pers\u00f6nliche Erinnerung.  <\/p><p class=\"p1\">Alle Geschichten, wenn m\u00f6glich mit einem Bild, werden hier auf der Website ver\u00f6ffentlicht und in die Sammlung \u00fcber die Geschichte von Zandvoort aufgenommen!<\/p><p class=\"p1\"><i>Machen Sie mit!<\/i><\/p><p class=\"p1\"><i>Es w\u00e4re sch\u00f6n, wenn Sie auch mitmachen, um die Geschichte von Zandvoort zu bereichern! Das Zandvoorts Museum sammelt die Geschichten, sodass die Menschen, die Orte und die Ereignisse, die Zandvoort geformt haben, sichtbar und h\u00f6rbar werden. <\/i><\/p><p class=\"p1\"><i>All diese Geschichten werden ein Teil der Museumssammlung.<\/i><\/p><p class=\"p1\"><i>Jeder kann mitmachen. Die Form der Geschichte ist v\u00f6llig frei: Schreiben Sie eine Kurzgeschichte, ein Gedicht, einen Brief oder teilen Sie eine Erinnerung. <\/i><\/p>\t\t\t\t\t\t\t\t<\/div>\n\t\t\t\t<\/div>\n\t\t<div class=\"elementor-element elementor-element-2f9866b e-con-full e-flex e-con e-child\" data-id=\"2f9866b\" data-element_type=\"container\" data-e-type=\"container\" data-settings=\"{&quot;background_background&quot;:&quot;classic&quot;}\">\n\t\t\t\t<div class=\"elementor-element elementor-element-16281f1 elementor-widget elementor-widget-image\" data-id=\"16281f1\" data-element_type=\"widget\" data-e-type=\"widget\" data-widget_type=\"image.default\">\n\t\t\t\t\t\t\t\t\t\t\t\t\t\t\t<img loading=\"lazy\" decoding=\"async\" width=\"801\" height=\"1920\" src=\"https:\/\/zandvoortsmuseum.nl\/wp-content\/uploads\/2026\/03\/Schrijf-Mee-Verticaal.jpg\" class=\"attachment-full size-full wp-image-5588\" alt=\"Schrijf Mee Verticaal\" srcset=\"https:\/\/zandvoortsmuseum.nl\/wp-content\/uploads\/2026\/03\/Schrijf-Mee-Verticaal.jpg 801w, https:\/\/zandvoortsmuseum.nl\/wp-content\/uploads\/2026\/03\/Schrijf-Mee-Verticaal-125x300.jpg 125w, https:\/\/zandvoortsmuseum.nl\/wp-content\/uploads\/2026\/03\/Schrijf-Mee-Verticaal-427x1024.jpg 427w, https:\/\/zandvoortsmuseum.nl\/wp-content\/uploads\/2026\/03\/Schrijf-Mee-Verticaal-768x1841.jpg 768w, https:\/\/zandvoortsmuseum.nl\/wp-content\/uploads\/2026\/03\/Schrijf-Mee-Verticaal-641x1536.jpg 641w\" sizes=\"(max-width: 801px) 100vw, 801px\" \/>\t\t\t\t\t\t\t\t\t\t\t\t\t\t\t<\/div>\n\t\t\t\t<\/div>\n\t\t\t\t\t<\/div>\n\t\t\t\t<\/div>\n\t\t\t\t<\/div>\n\t\t\t\t<\/div>\n\t\t","protected":false},"excerpt":{"rendered":"<p>Geschichten &amp; Sammlung Das Zandvoorts Museum verf\u00fcgt \u00fcber eine gro\u00dfe Sammlung von Geschichten und Objekten. Lesen Sie unsere Geschichten und sehen Sie sich unsere Sammlungen an. Schreiben Sie mit an der Geschichte von Zandvoort. Die Geschichte von Zandvoort lebt in Geschichten, Fotos und Erinnerungen. Haben Sie einen besonderen Moment, der bewahrt werden sollte? Unsere Geschichten [&hellip;]<\/p>\n","protected":false},"author":1,"featured_media":0,"parent":0,"menu_order":0,"comment_status":"closed","ping_status":"closed","template":"","meta":{"_acf_changed":false,"inline_featured_image":false,"footnotes":""},"class_list":["post-4985","page","type-page","status-publish","hentry"],"acf":[],"yoast_head":"<!-- This site is optimized with the Yoast SEO plugin v27.3 - https:\/\/yoast.com\/product\/yoast-seo-wordpress\/ -->\n<title>Geschichten - Zandvoorts Museum<\/title>\n<meta name=\"robots\" content=\"index, follow, max-snippet:-1, max-image-preview:large, max-video-preview:-1\" \/>\n<link rel=\"canonical\" href=\"https:\/\/zandvoortsmuseum.nl\/de\/geschichten\/\" \/>\n<meta property=\"og:locale\" content=\"de_DE\" \/>\n<meta property=\"og:type\" content=\"article\" \/>\n<meta property=\"og:title\" content=\"Geschichten - Zandvoorts Museum\" \/>\n<meta property=\"og:description\" content=\"Geschichten &amp; Sammlung Das Zandvoorts Museum verf\u00fcgt \u00fcber eine gro\u00dfe Sammlung von Geschichten und Objekten. Lesen Sie unsere Geschichten und sehen Sie sich unsere Sammlungen an. Schreiben Sie mit an der Geschichte von Zandvoort. Die Geschichte von Zandvoort lebt in Geschichten, Fotos und Erinnerungen. Haben Sie einen besonderen Moment, der bewahrt werden sollte? Unsere Geschichten [&hellip;]\" \/>\n<meta property=\"og:url\" content=\"https:\/\/zandvoortsmuseum.nl\/de\/geschichten\/\" \/>\n<meta property=\"og:site_name\" content=\"Zandvoorts Museum\" \/>\n<meta property=\"article:publisher\" content=\"https:\/\/www.facebook.com\/MuseumZandvoort\" \/>\n<meta property=\"article:modified_time\" content=\"2026-03-07T12:01:36+00:00\" \/>\n<meta property=\"og:image\" content=\"https:\/\/zandvoortsmuseum.nl\/wp-content\/uploads\/2026\/03\/Schrijf-Mee-Verticaal.jpg\" \/>\n\t<meta property=\"og:image:width\" content=\"801\" \/>\n\t<meta property=\"og:image:height\" content=\"1920\" \/>\n\t<meta property=\"og:image:type\" content=\"image\/jpeg\" \/>\n<meta name=\"twitter:card\" content=\"summary_large_image\" \/>\n<meta name=\"twitter:label1\" content=\"Gesch\u00e4tzte Lesezeit\" \/>\n\t<meta name=\"twitter:data1\" content=\"2\u00a0Minuten\" \/>\n<script type=\"application\/ld+json\" class=\"yoast-schema-graph\">{\"@context\":\"https:\\\/\\\/schema.org\",\"@graph\":[{\"@type\":\"WebPage\",\"@id\":\"https:\\\/\\\/zandvoortsmuseum.nl\\\/de\\\/geschichten\\\/\",\"url\":\"https:\\\/\\\/zandvoortsmuseum.nl\\\/de\\\/geschichten\\\/\",\"name\":\"Geschichten - Zandvoorts Museum\",\"isPartOf\":{\"@id\":\"https:\\\/\\\/zandvoortsmuseum.nl\\\/de\\\/#website\"},\"primaryImageOfPage\":{\"@id\":\"https:\\\/\\\/zandvoortsmuseum.nl\\\/de\\\/geschichten\\\/#primaryimage\"},\"image\":{\"@id\":\"https:\\\/\\\/zandvoortsmuseum.nl\\\/de\\\/geschichten\\\/#primaryimage\"},\"thumbnailUrl\":\"https:\\\/\\\/zandvoortsmuseum.nl\\\/wp-content\\\/uploads\\\/2026\\\/03\\\/Schrijf-Mee-Verticaal.jpg\",\"datePublished\":\"2025-08-24T16:00:19+00:00\",\"dateModified\":\"2026-03-07T12:01:36+00:00\",\"breadcrumb\":{\"@id\":\"https:\\\/\\\/zandvoortsmuseum.nl\\\/de\\\/geschichten\\\/#breadcrumb\"},\"inLanguage\":\"de\",\"potentialAction\":[{\"@type\":\"ReadAction\",\"target\":[\"https:\\\/\\\/zandvoortsmuseum.nl\\\/de\\\/geschichten\\\/\"]}]},{\"@type\":\"ImageObject\",\"inLanguage\":\"de\",\"@id\":\"https:\\\/\\\/zandvoortsmuseum.nl\\\/de\\\/geschichten\\\/#primaryimage\",\"url\":\"https:\\\/\\\/zandvoortsmuseum.nl\\\/wp-content\\\/uploads\\\/2026\\\/03\\\/Schrijf-Mee-Verticaal.jpg\",\"contentUrl\":\"https:\\\/\\\/zandvoortsmuseum.nl\\\/wp-content\\\/uploads\\\/2026\\\/03\\\/Schrijf-Mee-Verticaal.jpg\"},{\"@type\":\"BreadcrumbList\",\"@id\":\"https:\\\/\\\/zandvoortsmuseum.nl\\\/de\\\/geschichten\\\/#breadcrumb\",\"itemListElement\":[{\"@type\":\"ListItem\",\"position\":1,\"name\":\"Home\",\"item\":\"https:\\\/\\\/zandvoortsmuseum.nl\\\/de\\\/\"},{\"@type\":\"ListItem\",\"position\":2,\"name\":\"Geschichten\"}]},{\"@type\":\"WebSite\",\"@id\":\"https:\\\/\\\/zandvoortsmuseum.nl\\\/de\\\/#website\",\"url\":\"https:\\\/\\\/zandvoortsmuseum.nl\\\/de\\\/\",\"name\":\"Zandvoorts Museum\",\"description\":\"H\u00e9t centrum voor kunst en geschiedenis in Zandvoort.\",\"publisher\":{\"@id\":\"https:\\\/\\\/zandvoortsmuseum.nl\\\/de\\\/#organization\"},\"alternateName\":\"H\u00e9t centrum voor kunst en geschiedenis in Zandvoort\",\"potentialAction\":[{\"@type\":\"SearchAction\",\"target\":{\"@type\":\"EntryPoint\",\"urlTemplate\":\"https:\\\/\\\/zandvoortsmuseum.nl\\\/de\\\/?s={search_term_string}\"},\"query-input\":{\"@type\":\"PropertyValueSpecification\",\"valueRequired\":true,\"valueName\":\"search_term_string\"}}],\"inLanguage\":\"de\"},{\"@type\":\"Organization\",\"@id\":\"https:\\\/\\\/zandvoortsmuseum.nl\\\/de\\\/#organization\",\"name\":\"Zandvoorts Museum\",\"url\":\"https:\\\/\\\/zandvoortsmuseum.nl\\\/de\\\/\",\"logo\":{\"@type\":\"ImageObject\",\"inLanguage\":\"de\",\"@id\":\"https:\\\/\\\/zandvoortsmuseum.nl\\\/de\\\/#\\\/schema\\\/logo\\\/image\\\/\",\"url\":\"https:\\\/\\\/zandvoortsmuseum.nl\\\/wp-content\\\/uploads\\\/2025\\\/08\\\/Zandvoorts-Museum-Logo-zw-min.svg\",\"contentUrl\":\"https:\\\/\\\/zandvoortsmuseum.nl\\\/wp-content\\\/uploads\\\/2025\\\/08\\\/Zandvoorts-Museum-Logo-zw-min.svg\",\"width\":1847,\"height\":412,\"caption\":\"Zandvoorts Museum\"},\"image\":{\"@id\":\"https:\\\/\\\/zandvoortsmuseum.nl\\\/de\\\/#\\\/schema\\\/logo\\\/image\\\/\"},\"sameAs\":[\"https:\\\/\\\/www.facebook.com\\\/MuseumZandvoort\",\"https:\\\/\\\/www.instagram.com\\\/zandvoortsmuseum\\\/\"]}]}<\/script>\n<!-- \/ Yoast SEO plugin. -->","yoast_head_json":{"title":"Geschichten - Zandvoorts Museum","robots":{"index":"index","follow":"follow","max-snippet":"max-snippet:-1","max-image-preview":"max-image-preview:large","max-video-preview":"max-video-preview:-1"},"canonical":"https:\/\/zandvoortsmuseum.nl\/de\/geschichten\/","og_locale":"de_DE","og_type":"article","og_title":"Geschichten - Zandvoorts Museum","og_description":"Geschichten &amp; Sammlung Das Zandvoorts Museum verf\u00fcgt \u00fcber eine gro\u00dfe Sammlung von Geschichten und Objekten. Lesen Sie unsere Geschichten und sehen Sie sich unsere Sammlungen an. Schreiben Sie mit an der Geschichte von Zandvoort. Die Geschichte von Zandvoort lebt in Geschichten, Fotos und Erinnerungen. Haben Sie einen besonderen Moment, der bewahrt werden sollte? Unsere Geschichten [&hellip;]","og_url":"https:\/\/zandvoortsmuseum.nl\/de\/geschichten\/","og_site_name":"Zandvoorts Museum","article_publisher":"https:\/\/www.facebook.com\/MuseumZandvoort","article_modified_time":"2026-03-07T12:01:36+00:00","og_image":[{"width":801,"height":1920,"url":"https:\/\/zandvoortsmuseum.nl\/wp-content\/uploads\/2026\/03\/Schrijf-Mee-Verticaal.jpg","type":"image\/jpeg"}],"twitter_card":"summary_large_image","twitter_misc":{"Gesch\u00e4tzte Lesezeit":"2\u00a0Minuten"},"schema":{"@context":"https:\/\/schema.org","@graph":[{"@type":"WebPage","@id":"https:\/\/zandvoortsmuseum.nl\/de\/geschichten\/","url":"https:\/\/zandvoortsmuseum.nl\/de\/geschichten\/","name":"Geschichten - Zandvoorts Museum","isPartOf":{"@id":"https:\/\/zandvoortsmuseum.nl\/de\/#website"},"primaryImageOfPage":{"@id":"https:\/\/zandvoortsmuseum.nl\/de\/geschichten\/#primaryimage"},"image":{"@id":"https:\/\/zandvoortsmuseum.nl\/de\/geschichten\/#primaryimage"},"thumbnailUrl":"https:\/\/zandvoortsmuseum.nl\/wp-content\/uploads\/2026\/03\/Schrijf-Mee-Verticaal.jpg","datePublished":"2025-08-24T16:00:19+00:00","dateModified":"2026-03-07T12:01:36+00:00","breadcrumb":{"@id":"https:\/\/zandvoortsmuseum.nl\/de\/geschichten\/#breadcrumb"},"inLanguage":"de","potentialAction":[{"@type":"ReadAction","target":["https:\/\/zandvoortsmuseum.nl\/de\/geschichten\/"]}]},{"@type":"ImageObject","inLanguage":"de","@id":"https:\/\/zandvoortsmuseum.nl\/de\/geschichten\/#primaryimage","url":"https:\/\/zandvoortsmuseum.nl\/wp-content\/uploads\/2026\/03\/Schrijf-Mee-Verticaal.jpg","contentUrl":"https:\/\/zandvoortsmuseum.nl\/wp-content\/uploads\/2026\/03\/Schrijf-Mee-Verticaal.jpg"},{"@type":"BreadcrumbList","@id":"https:\/\/zandvoortsmuseum.nl\/de\/geschichten\/#breadcrumb","itemListElement":[{"@type":"ListItem","position":1,"name":"Home","item":"https:\/\/zandvoortsmuseum.nl\/de\/"},{"@type":"ListItem","position":2,"name":"Geschichten"}]},{"@type":"WebSite","@id":"https:\/\/zandvoortsmuseum.nl\/de\/#website","url":"https:\/\/zandvoortsmuseum.nl\/de\/","name":"Zandvoorts Museum","description":"H\u00e9t centrum voor kunst en geschiedenis in Zandvoort.","publisher":{"@id":"https:\/\/zandvoortsmuseum.nl\/de\/#organization"},"alternateName":"H\u00e9t centrum voor kunst en geschiedenis in Zandvoort","potentialAction":[{"@type":"SearchAction","target":{"@type":"EntryPoint","urlTemplate":"https:\/\/zandvoortsmuseum.nl\/de\/?s={search_term_string}"},"query-input":{"@type":"PropertyValueSpecification","valueRequired":true,"valueName":"search_term_string"}}],"inLanguage":"de"},{"@type":"Organization","@id":"https:\/\/zandvoortsmuseum.nl\/de\/#organization","name":"Zandvoorts Museum","url":"https:\/\/zandvoortsmuseum.nl\/de\/","logo":{"@type":"ImageObject","inLanguage":"de","@id":"https:\/\/zandvoortsmuseum.nl\/de\/#\/schema\/logo\/image\/","url":"https:\/\/zandvoortsmuseum.nl\/wp-content\/uploads\/2025\/08\/Zandvoorts-Museum-Logo-zw-min.svg","contentUrl":"https:\/\/zandvoortsmuseum.nl\/wp-content\/uploads\/2025\/08\/Zandvoorts-Museum-Logo-zw-min.svg","width":1847,"height":412,"caption":"Zandvoorts Museum"},"image":{"@id":"https:\/\/zandvoortsmuseum.nl\/de\/#\/schema\/logo\/image\/"},"sameAs":["https:\/\/www.facebook.com\/MuseumZandvoort","https:\/\/www.instagram.com\/zandvoortsmuseum\/"]}]}},"_links":{"self":[{"href":"https:\/\/zandvoortsmuseum.nl\/de\/wp-json\/wp\/v2\/pages\/4985","targetHints":{"allow":["GET"]}}],"collection":[{"href":"https:\/\/zandvoortsmuseum.nl\/de\/wp-json\/wp\/v2\/pages"}],"about":[{"href":"https:\/\/zandvoortsmuseum.nl\/de\/wp-json\/wp\/v2\/types\/page"}],"author":[{"embeddable":true,"href":"https:\/\/zandvoortsmuseum.nl\/de\/wp-json\/wp\/v2\/users\/1"}],"replies":[{"embeddable":true,"href":"https:\/\/zandvoortsmuseum.nl\/de\/wp-json\/wp\/v2\/comments?post=4985"}],"version-history":[{"count":2,"href":"https:\/\/zandvoortsmuseum.nl\/de\/wp-json\/wp\/v2\/pages\/4985\/revisions"}],"predecessor-version":[{"id":5589,"href":"https:\/\/zandvoortsmuseum.nl\/de\/wp-json\/wp\/v2\/pages\/4985\/revisions\/5589"}],"wp:attachment":[{"href":"https:\/\/zandvoortsmuseum.nl\/de\/wp-json\/wp\/v2\/media?parent=4985"}],"curies":[{"name":"wp","href":"https:\/\/api.w.org\/{rel}","templated":true}]}}